{"id":2900,"date":"2022-09-15T16:55:39","date_gmt":"2022-09-15T19:55:39","guid":{"rendered":"https:\/\/colegio.lucianofeijao.com.br\/?page_id=2900"},"modified":"2025-08-06T08:44:58","modified_gmt":"2025-08-06T11:44:58","slug":"projetos","status":"publish","type":"page","link":"https:\/\/lucianofeijao.com.br\/lf\/baby\/projetos\/","title":{"rendered":"Projetos"},"content":{"rendered":"\t\t<div data-elementor-type=\"wp-post\" data-elementor-id=\"2900\" class=\"elementor elementor-2900\" data-elementor-post-type=\"page\">\n\t\t\t\t\t\t<section class=\"elementor-section elementor-top-section elementor-element elementor-element-6319d3e elementor-section-boxed elementor-section-height-default elementor-section-height-default\" data-id=\"6319d3e\" data-element_type=\"section\" data-e-type=\"section\">\n\t\t\t\t\t\t<div class=\"elementor-container elementor-column-gap-default\">\n\t\t\t\t\t<div class=\"elementor-column elementor-col-100 elementor-top-column elementor-element elementor-element-a674816\" data-id=\"a674816\" data-element_type=\"column\" data-e-type=\"column\">\n\t\t\t<div class=\"elementor-widget-wrap elementor-element-populated\">\n\t\t\t\t\t\t<div class=\"elementor-element elementor-element-cc79461 elementor-widget elementor-widget-heading\" data-id=\"cc79461\" data-element_type=\"widget\" data-e-type=\"widget\" data-widget_type=\"heading.default\">\n\t\t\t\t<div class=\"elementor-widget-container\">\n\t\t\t\t\t<h1 class=\"elementor-heading-title elementor-size-default\">Projetos Baby<\/h1>\t\t\t\t<\/div>\n\t\t\t\t<\/div>\n\t\t\t\t\t<\/div>\n\t\t<\/div>\n\t\t\t\t\t<\/div>\n\t\t<\/section>\n\t\t\t\t<section class=\"elementor-section elementor-top-section elementor-element elementor-element-65bb252 elementor-section-boxed elementor-section-height-default elementor-section-height-default\" data-id=\"65bb252\" data-element_type=\"section\" data-e-type=\"section\">\n\t\t\t\t\t\t<div class=\"elementor-container elementor-column-gap-default\">\n\t\t\t\t\t<div class=\"elementor-column elementor-col-50 elementor-top-column elementor-element elementor-element-6319bfc\" data-id=\"6319bfc\" data-element_type=\"column\" data-e-type=\"column\">\n\t\t\t<div class=\"elementor-widget-wrap elementor-element-populated\">\n\t\t\t\t\t\t<div class=\"elementor-element elementor-element-1d72c36 elementor-widget elementor-widget-accordion\" data-id=\"1d72c36\" data-element_type=\"widget\" data-e-type=\"widget\" data-widget_type=\"accordion.default\">\n\t\t\t\t<div class=\"elementor-widget-container\">\n\t\t\t\t\t\t\t<div class=\"elementor-accordion\">\n\t\t\t\t\t\t\t<div class=\"elementor-accordion-item\">\n\t\t\t\t\t<div id=\"elementor-tab-title-3081\" class=\"elementor-tab-title\" data-tab=\"1\" role=\"button\" aria-controls=\"elementor-tab-content-3081\" aria-expanded=\"false\">\n\t\t\t\t\t\t\t\t\t\t\t\t\t<span class=\"elementor-accordion-icon elementor-accordion-icon-left\" aria-hidden=\"true\">\n\t\t\t\t\t\t\t\t\t\t\t\t\t\t\t<span class=\"elementor-accordion-icon-closed\"><i class=\"far fa-plus-square\"><\/i><\/span>\n\t\t\t\t\t\t\t\t<span class=\"elementor-accordion-icon-opened\"><i class=\"far fa-minus-square\"><\/i><\/span>\n\t\t\t\t\t\t\t\t\t\t\t\t\t\t<\/span>\n\t\t\t\t\t\t\t\t\t\t\t\t<a class=\"elementor-accordion-title\" tabindex=\"0\">ERA UMA VEZ... VOU CONTAR PARA VOC\u00caS! <\/a>\n\t\t\t\t\t<\/div>\n\t\t\t\t\t<div id=\"elementor-tab-content-3081\" class=\"elementor-tab-content elementor-clearfix\" data-tab=\"1\" role=\"region\" aria-labelledby=\"elementor-tab-title-3081\"><p style=\"text-align: justify;\">O projeto comp\u00f5e um conjunto de possibilidades <br \/>que favorecem o faz de conta e a criatividade <br \/>das crian\u00e7as por meio de narrativas e pequenas <br \/>encena\u00e7\u00f5es de cl\u00e1ssicos dos contos de fadas. <br \/>Assim, personagens que povoaram nosso <br \/>imagin\u00e1rio, quando \u00e9ramos crian\u00e7as, e que <br \/>continuam fascinando crian\u00e7as de todas as<br \/>idades ganham vida em diversas atividades <br \/>did\u00e1ticas que ser\u00e3o vivenciadas pelos alunos<br \/>e pelas professoras do Infantil I do LF Baby.<\/p><\/div>\n\t\t\t\t<\/div>\n\t\t\t\t\t\t\t\t<\/div>\n\t\t\t\t\t\t<\/div>\n\t\t\t\t<\/div>\n\t\t\t\t<div class=\"elementor-element elementor-element-c431654 elementor-widget elementor-widget-accordion\" data-id=\"c431654\" data-element_type=\"widget\" data-e-type=\"widget\" data-widget_type=\"accordion.default\">\n\t\t\t\t<div class=\"elementor-widget-container\">\n\t\t\t\t\t\t\t<div class=\"elementor-accordion\">\n\t\t\t\t\t\t\t<div class=\"elementor-accordion-item\">\n\t\t\t\t\t<div id=\"elementor-tab-title-2051\" class=\"elementor-tab-title\" data-tab=\"1\" role=\"button\" aria-controls=\"elementor-tab-content-2051\" aria-expanded=\"false\">\n\t\t\t\t\t\t\t\t\t\t\t\t\t<span class=\"elementor-accordion-icon elementor-accordion-icon-left\" aria-hidden=\"true\">\n\t\t\t\t\t\t\t\t\t\t\t\t\t\t\t<span class=\"elementor-accordion-icon-closed\"><i class=\"far fa-plus-square\"><\/i><\/span>\n\t\t\t\t\t\t\t\t<span class=\"elementor-accordion-icon-opened\"><i class=\"far fa-minus-square\"><\/i><\/span>\n\t\t\t\t\t\t\t\t\t\t\t\t\t\t<\/span>\n\t\t\t\t\t\t\t\t\t\t\t\t<a class=\"elementor-accordion-title\" tabindex=\"0\">MEU CORPINHO, MEU JEITINHO, MEU  CRESCER<\/a>\n\t\t\t\t\t<\/div>\n\t\t\t\t\t<div id=\"elementor-tab-content-2051\" class=\"elementor-tab-content elementor-clearfix\" data-tab=\"1\" role=\"region\" aria-labelledby=\"elementor-tab-title-2051\"><p style=\"text-align: justify;\">Por meio desse projeto, objetivamos valorizar<br \/>a constitui\u00e7\u00e3o da identidade e a expressividade <br \/>atrav\u00e9s da linguagem corporal dos beb\u00eas. Nesse <br \/>sentido, oportunizaremos \u00e0s crian\u00e7as viv\u00eancias <br \/>que favore\u00e7am seu desenvolvimento integral.<\/p><\/div>\n\t\t\t\t<\/div>\n\t\t\t\t\t\t\t\t<\/div>\n\t\t\t\t\t\t<\/div>\n\t\t\t\t<\/div>\n\t\t\t\t<div class=\"elementor-element elementor-element-ce0af7f elementor-widget elementor-widget-accordion\" data-id=\"ce0af7f\" data-element_type=\"widget\" data-e-type=\"widget\" data-widget_type=\"accordion.default\">\n\t\t\t\t<div class=\"elementor-widget-container\">\n\t\t\t\t\t\t\t<div class=\"elementor-accordion\">\n\t\t\t\t\t\t\t<div class=\"elementor-accordion-item\">\n\t\t\t\t\t<div id=\"elementor-tab-title-2161\" class=\"elementor-tab-title\" data-tab=\"1\" role=\"button\" aria-controls=\"elementor-tab-content-2161\" aria-expanded=\"false\">\n\t\t\t\t\t\t\t\t\t\t\t\t\t<span class=\"elementor-accordion-icon elementor-accordion-icon-left\" aria-hidden=\"true\">\n\t\t\t\t\t\t\t\t\t\t\t\t\t\t\t<span class=\"elementor-accordion-icon-closed\"><i class=\"far fa-plus-square\"><\/i><\/span>\n\t\t\t\t\t\t\t\t<span class=\"elementor-accordion-icon-opened\"><i class=\"far fa-minus-square\"><\/i><\/span>\n\t\t\t\t\t\t\t\t\t\t\t\t\t\t<\/span>\n\t\t\t\t\t\t\t\t\t\t\t\t<a class=\"elementor-accordion-title\" tabindex=\"0\">CIRANDA LITER\u00c1RIA<\/a>\n\t\t\t\t\t<\/div>\n\t\t\t\t\t<div id=\"elementor-tab-content-2161\" class=\"elementor-tab-content elementor-clearfix\" data-tab=\"1\" role=\"region\" aria-labelledby=\"elementor-tab-title-2161\"><p style=\"text-align: justify;\">A Ciranda Liter\u00e1ria \u00e9 um projeto desenvolvido, ao <br \/>longo do ano letivo, a partir do Infantil II, tendo <br \/>como objetivo principal motivar nossos alunos <br \/>ao gosto pela leitura. Objetivamos tamb\u00e9m <br \/>proporcionar condi\u00e7\u00f5es para o desenvolvimento <br \/>da forma\u00e7\u00e3o leitora no contexto escolar e <br \/>extraescolar, explorar a fun\u00e7\u00e3o social da escrita <br \/>e promover momentos de integra\u00e7\u00e3o entre as <br \/>crian\u00e7as e a fam\u00edlia.<\/p><\/div>\n\t\t\t\t<\/div>\n\t\t\t\t\t\t\t\t<\/div>\n\t\t\t\t\t\t<\/div>\n\t\t\t\t<\/div>\n\t\t\t\t\t<\/div>\n\t\t<\/div>\n\t\t\t\t<div class=\"elementor-column elementor-col-50 elementor-top-column elementor-element elementor-element-3c66ec7\" data-id=\"3c66ec7\" data-element_type=\"column\" data-e-type=\"column\">\n\t\t\t<div class=\"elementor-widget-wrap elementor-element-populated\">\n\t\t\t\t\t\t<div class=\"elementor-element elementor-element-48126fb elementor-widget elementor-widget-accordion\" data-id=\"48126fb\" data-element_type=\"widget\" data-e-type=\"widget\" data-widget_type=\"accordion.default\">\n\t\t\t\t<div class=\"elementor-widget-container\">\n\t\t\t\t\t\t\t<div class=\"elementor-accordion\">\n\t\t\t\t\t\t\t<div class=\"elementor-accordion-item\">\n\t\t\t\t\t<div id=\"elementor-tab-title-7551\" class=\"elementor-tab-title\" data-tab=\"1\" role=\"button\" aria-controls=\"elementor-tab-content-7551\" aria-expanded=\"false\">\n\t\t\t\t\t\t\t\t\t\t\t\t\t<span class=\"elementor-accordion-icon elementor-accordion-icon-left\" aria-hidden=\"true\">\n\t\t\t\t\t\t\t\t\t\t\t\t\t\t\t<span class=\"elementor-accordion-icon-closed\"><i class=\"far fa-plus-square\"><\/i><\/span>\n\t\t\t\t\t\t\t\t<span class=\"elementor-accordion-icon-opened\"><i class=\"far fa-minus-square\"><\/i><\/span>\n\t\t\t\t\t\t\t\t\t\t\t\t\t\t<\/span>\n\t\t\t\t\t\t\t\t\t\t\t\t<a class=\"elementor-accordion-title\" tabindex=\"0\">UM MUNDO DE INVEN\u00c7\u00d5ES<\/a>\n\t\t\t\t\t<\/div>\n\t\t\t\t\t<div id=\"elementor-tab-content-7551\" class=\"elementor-tab-content elementor-clearfix\" data-tab=\"1\" role=\"region\" aria-labelledby=\"elementor-tab-title-7551\"><p style=\"text-align: justify;\">Considerando que as crian\u00e7as s\u00e3o potencialmente <br \/>pesquisadoras e exploradoras do meio em <br \/>que est\u00e3o inseridas, esse projeto tem em vista <br \/>possibilitar situa\u00e7\u00f5es de aprendizagem que <br \/>favore\u00e7am sua criatividade, encaminhando-as a <br \/>novas descobertas. De forma l\u00fadica e divertida, <br \/>proporcionamos viv\u00eancias nas quais as crian\u00e7as <br \/>conhecer\u00e3o algumas inven\u00e7\u00f5es que fazem parte <br \/>de nosso cotidiano, por meio de tal projeto<\/p><\/div>\n\t\t\t\t<\/div>\n\t\t\t\t\t\t\t\t<\/div>\n\t\t\t\t\t\t<\/div>\n\t\t\t\t<\/div>\n\t\t\t\t<div class=\"elementor-element elementor-element-a1cf519 elementor-widget elementor-widget-accordion\" data-id=\"a1cf519\" data-element_type=\"widget\" data-e-type=\"widget\" data-widget_type=\"accordion.default\">\n\t\t\t\t<div class=\"elementor-widget-container\">\n\t\t\t\t\t\t\t<div class=\"elementor-accordion\">\n\t\t\t\t\t\t\t<div class=\"elementor-accordion-item\">\n\t\t\t\t\t<div id=\"elementor-tab-title-1691\" class=\"elementor-tab-title\" data-tab=\"1\" role=\"button\" aria-controls=\"elementor-tab-content-1691\" aria-expanded=\"false\">\n\t\t\t\t\t\t\t\t\t\t\t\t\t<span class=\"elementor-accordion-icon elementor-accordion-icon-left\" aria-hidden=\"true\">\n\t\t\t\t\t\t\t\t\t\t\t\t\t\t\t<span class=\"elementor-accordion-icon-closed\"><i class=\"far fa-plus-square\"><\/i><\/span>\n\t\t\t\t\t\t\t\t<span class=\"elementor-accordion-icon-opened\"><i class=\"far fa-minus-square\"><\/i><\/span>\n\t\t\t\t\t\t\t\t\t\t\t\t\t\t<\/span>\n\t\t\t\t\t\t\t\t\t\t\t\t<a class=\"elementor-accordion-title\" tabindex=\"0\">PEQUENOS SEMEADORES<\/a>\n\t\t\t\t\t<\/div>\n\t\t\t\t\t<div id=\"elementor-tab-content-1691\" class=\"elementor-tab-content elementor-clearfix\" data-tab=\"1\" role=\"region\" aria-labelledby=\"elementor-tab-title-1691\"><p style=\"text-align: justify;\">O projeto tem por objetivo oportunizar \u00e0s <br \/>crian\u00e7as, atrav\u00e9s de a\u00e7\u00f5es di\u00e1rias, situa\u00e7\u00f5es que <br \/>as levem a desenvolver rela\u00e7\u00f5es de amizade, para <br \/>a constru\u00e7\u00e3o do respeito, da partilha e do amor <br \/>ao pr\u00f3ximo, favorecendo assim a sua socializa\u00e7\u00e3o <br \/>e intera\u00e7\u00e3o com os pares e adultos no conv\u00edvio <br \/>social.<\/p><\/div>\n\t\t\t\t<\/div>\n\t\t\t\t\t\t\t\t<\/div>\n\t\t\t\t\t\t<\/div>\n\t\t\t\t<\/div>\n\t\t\t\t\t<\/div>\n\t\t<\/div>\n\t\t\t\t\t<\/div>\n\t\t<\/section>\n\t\t\t\t<section class=\"elementor-section elementor-top-section elementor-element elementor-element-83bc058 elementor-section-boxed elementor-section-height-default elementor-section-height-default\" data-id=\"83bc058\" data-element_type=\"section\" data-e-type=\"section\">\n\t\t\t\t\t\t<div class=\"elementor-container elementor-column-gap-default\">\n\t\t\t\t\t<div class=\"elementor-column elementor-col-100 elementor-top-column elementor-element elementor-element-8d33db6\" data-id=\"8d33db6\" data-element_type=\"column\" data-e-type=\"column\">\n\t\t\t<div class=\"elementor-widget-wrap elementor-element-populated\">\n\t\t\t\t\t\t<div class=\"elementor-element elementor-element-7cbfcbc elementor-widget-divider--view-line elementor-widget elementor-widget-divider\" data-id=\"7cbfcbc\" data-element_type=\"widget\" data-e-type=\"widget\" data-widget_type=\"divider.default\">\n\t\t\t\t<div class=\"elementor-widget-container\">\n\t\t\t\t\t\t\t<div class=\"elementor-divider\">\n\t\t\t<span class=\"elementor-divider-separator\">\n\t\t\t\t\t\t<\/span>\n\t\t<\/div>\n\t\t\t\t\t\t<\/div>\n\t\t\t\t<\/div>\n\t\t\t\t\t<\/div>\n\t\t<\/div>\n\t\t\t\t\t<\/div>\n\t\t<\/section>\n\t\t\t\t<section class=\"elementor-section elementor-top-section elementor-element elementor-element-cc01dfb elementor-section-boxed elementor-section-height-default elementor-section-height-default\" data-id=\"cc01dfb\" data-element_type=\"section\" data-e-type=\"section\">\n\t\t\t\t\t\t<div class=\"elementor-container elementor-column-gap-default\">\n\t\t\t\t\t<div class=\"elementor-column elementor-col-50 elementor-top-column elementor-element elementor-element-691e22c\" data-id=\"691e22c\" data-element_type=\"column\" data-e-type=\"column\">\n\t\t\t<div class=\"elementor-widget-wrap elementor-element-populated\">\n\t\t\t\t\t\t<section class=\"elementor-section elementor-inner-section elementor-element elementor-element-fa474cb elementor-section-full_width elementor-section-height-default elementor-section-height-default\" data-id=\"fa474cb\" data-element_type=\"section\" data-e-type=\"section\">\n\t\t\t\t\t\t<div class=\"elementor-container elementor-column-gap-default\">\n\t\t\t\t\t<div class=\"elementor-column elementor-col-50 elementor-inner-column elementor-element elementor-element-0a87ab3\" data-id=\"0a87ab3\" data-element_type=\"column\" data-e-type=\"column\" data-settings=\"{&quot;background_background&quot;:&quot;classic&quot;}\">\n\t\t\t<div class=\"elementor-widget-wrap elementor-element-populated\">\n\t\t\t\t\t\t<div class=\"elementor-element elementor-element-8bccbef elementor-widget elementor-widget-image\" data-id=\"8bccbef\" data-element_type=\"widget\" data-e-type=\"widget\" data-widget_type=\"image.default\">\n\t\t\t\t<div class=\"elementor-widget-container\">\n\t\t\t\t\t\t\t\t\t\t\t\t\t\t\t<img decoding=\"async\" width=\"150\" height=\"150\" src=\"https:\/\/lucianofeijao.com.br\/lf\/wp-content\/uploads\/2022\/09\/kelly-150x150.png\" class=\"elementor-animation-pulse attachment-thumbnail size-thumbnail wp-image-3453\" alt=\"\" srcset=\"https:\/\/lucianofeijao.com.br\/lf\/wp-content\/uploads\/2022\/09\/kelly-150x150.png 150w, https:\/\/lucianofeijao.com.br\/lf\/wp-content\/uploads\/2022\/09\/kelly.png 225w\" sizes=\"(max-width: 150px) 100vw, 150px\" \/>\t\t\t\t\t\t\t\t\t\t\t\t\t\t\t<\/div>\n\t\t\t\t<\/div>\n\t\t\t\t\t<\/div>\n\t\t<\/div>\n\t\t\t\t<div class=\"elementor-column elementor-col-50 elementor-inner-column elementor-element elementor-element-70ac7fe\" data-id=\"70ac7fe\" data-element_type=\"column\" data-e-type=\"column\" data-settings=\"{&quot;background_background&quot;:&quot;classic&quot;}\">\n\t\t\t<div class=\"elementor-widget-wrap elementor-element-populated\">\n\t\t\t\t\t\t<div class=\"elementor-element elementor-element-b183569 wh-title-with-label elementor-widget elementor-widget-heading\" data-id=\"b183569\" data-element_type=\"widget\" data-e-type=\"widget\" data-widget_type=\"heading.default\">\n\t\t\t\t<div class=\"elementor-widget-container\">\n\t\t\t\t\t<h2 class=\"elementor-heading-title elementor-size-default\">Kelly Cordeiro <br><b>Coord. Pedag\u00f3gica do LF Baby<\/b><\/h2>\t\t\t\t<\/div>\n\t\t\t\t<\/div>\n\t\t\t\t<div class=\"elementor-element elementor-element-b18890e elementor-widget elementor-widget-text-editor\" data-id=\"b18890e\" data-element_type=\"widget\" data-e-type=\"widget\" data-widget_type=\"text-editor.default\">\n\t\t\t\t<div class=\"elementor-widget-container\">\n\t\t\t\t\t\t\t\t\t<p><a href=\"http:\/\/kellybc_1@outlook.com\" target=\"_blank\" rel=\"noopener\">kellybc_1@outlook.com<\/a><\/p>\t\t\t\t\t\t\t\t<\/div>\n\t\t\t\t<\/div>\n\t\t\t\t\t<\/div>\n\t\t<\/div>\n\t\t\t\t\t<\/div>\n\t\t<\/section>\n\t\t\t\t\t<\/div>\n\t\t<\/div>\n\t\t\t\t<div class=\"elementor-column elementor-col-50 elementor-top-column elementor-element elementor-element-84adf7c\" data-id=\"84adf7c\" data-element_type=\"column\" data-e-type=\"column\">\n\t\t\t<div class=\"elementor-widget-wrap elementor-element-populated\">\n\t\t\t\t\t\t<div class=\"elementor-element elementor-element-c5a18c6 elementor-view-stacked elementor-shape-square elementor-position-inline-start elementor-mobile-position-block-start elementor-widget elementor-widget-icon-box\" data-id=\"c5a18c6\" data-element_type=\"widget\" data-e-type=\"widget\" data-widget_type=\"icon-box.default\">\n\t\t\t\t<div class=\"elementor-widget-container\">\n\t\t\t\t\t\t\t<div class=\"elementor-icon-box-wrapper\">\n\n\t\t\t\t\t\t<div class=\"elementor-icon-box-icon\">\n\t\t\t\t<span  class=\"elementor-icon\">\n\t\t\t\t<i aria-hidden=\"true\" class=\"fas fa-chalkboard-teacher\"><\/i>\t\t\t\t<\/span>\n\t\t\t<\/div>\n\t\t\t\n\t\t\t\t\t\t<div class=\"elementor-icon-box-content\">\n\n\t\t\t\t\t\t\t\t\t<h5 class=\"elementor-icon-box-title\">\n\t\t\t\t\t\t<span  >\n\t\t\t\t\t\t\tPROFESSORAS\t\t\t\t\t\t<\/span>\n\t\t\t\t\t<\/h5>\n\t\t\t\t\n\t\t\t\t\t\t\t\t\t<p class=\"elementor-icon-box-description\">\n\t\t\t\t\t\tContamos com 20 professoras\t\t\t\t\t<\/p>\n\t\t\t\t\n\t\t\t<\/div>\n\t\t\t\n\t\t<\/div>\n\t\t\t\t\t\t<\/div>\n\t\t\t\t<\/div>\n\t\t\t\t\t<\/div>\n\t\t<\/div>\n\t\t\t\t\t<\/div>\n\t\t<\/section>\n\t\t\t\t<\/div>\n\t\t","protected":false},"excerpt":{"rendered":"<p>Projetos Baby ERA UMA VEZ&#8230; VOU CONTAR PARA VOC\u00caS! O projeto comp\u00f5e um conjunto de possibilidades que favorecem o faz de conta e a criatividade das crian\u00e7as por meio de narrativas e pequenas encena\u00e7\u00f5es de cl\u00e1ssicos dos contos de fadas. Assim, personagens que povoaram nosso&nbsp;<a href=\"https:\/\/lucianofeijao.com.br\/lf\/baby\/projetos\/\">&hellip;<\/a><\/p>\n","protected":false},"author":1,"featured_media":0,"parent":818,"menu_order":0,"comment_status":"closed","ping_status":"closed","template":"template-sidebar-left-childpages.php","meta":{"cybocfi_hide_featured_image":"","footnotes":""},"class_list":["post-2900","page","type-page","status-publish","hentry","odd"],"yoast_head":"<!-- This site is optimized with the Yoast SEO plugin v27.2 - https:\/\/yoast.com\/product\/yoast-seo-wordpress\/ -->\r\n<title>Projetos - Col\u00e9gio Luciano Feij\u00e3o<\/title>\r\n<meta name=\"robots\" content=\"index, follow, max-snippet:-1, max-image-preview:large, max-video-preview:-1\" \/>\r\n<link rel=\"canonical\" href=\"https:\/\/lucianofeijao.com.br\/lf\/baby\/projetos\/\" \/>\r\n<meta property=\"og:locale\" content=\"pt_BR\" \/>\r\n<meta property=\"og:type\" content=\"article\" \/>\r\n<meta property=\"og:title\" content=\"Projetos - Col\u00e9gio Luciano Feij\u00e3o\" \/>\r\n<meta property=\"og:description\" content=\"Projetos Baby ERA UMA VEZ&#8230; VOU CONTAR PARA VOC\u00caS! O projeto comp\u00f5e um conjunto de possibilidades que favorecem o faz de conta e a criatividade das crian\u00e7as por meio de narrativas e pequenas encena\u00e7\u00f5es de cl\u00e1ssicos dos contos de fadas. Assim, personagens que povoaram nosso&nbsp;&hellip;\" \/>\r\n<meta property=\"og:url\" content=\"https:\/\/lucianofeijao.com.br\/lf\/baby\/projetos\/\" \/>\r\n<meta property=\"og:site_name\" content=\"Col\u00e9gio Luciano Feij\u00e3o\" \/>\r\n<meta property=\"article:publisher\" content=\"https:\/\/www.facebook.com\/ColegioLucianoFeijao\" \/>\r\n<meta property=\"article:modified_time\" content=\"2025-08-06T11:44:58+00:00\" \/>\r\n<meta property=\"og:image\" content=\"https:\/\/lucianofeijao.com.br\/lf\/wp-content\/uploads\/2022\/09\/kelly-150x150.png\" \/>\r\n<meta name=\"twitter:card\" content=\"summary_large_image\" \/>\r\n<script type=\"application\/ld+json\" class=\"yoast-schema-graph\">{\"@context\":\"https:\/\/schema.org\",\"@graph\":[{\"@type\":\"WebPage\",\"@id\":\"https:\/\/lucianofeijao.com.br\/lf\/baby\/projetos\/\",\"url\":\"https:\/\/lucianofeijao.com.br\/lf\/baby\/projetos\/\",\"name\":\"Projetos - Col\u00e9gio Luciano Feij\u00e3o\",\"isPartOf\":{\"@id\":\"https:\/\/lucianofeijao.com.br\/lf\/#website\"},\"primaryImageOfPage\":{\"@id\":\"https:\/\/lucianofeijao.com.br\/lf\/baby\/projetos\/#primaryimage\"},\"image\":{\"@id\":\"https:\/\/lucianofeijao.com.br\/lf\/baby\/projetos\/#primaryimage\"},\"thumbnailUrl\":\"https:\/\/lucianofeijao.com.br\/lf\/wp-content\/uploads\/2022\/09\/kelly-150x150.png\",\"datePublished\":\"2022-09-15T19:55:39+00:00\",\"dateModified\":\"2025-08-06T11:44:58+00:00\",\"breadcrumb\":{\"@id\":\"https:\/\/lucianofeijao.com.br\/lf\/baby\/projetos\/#breadcrumb\"},\"inLanguage\":\"pt-BR\",\"potentialAction\":[{\"@type\":\"ReadAction\",\"target\":[\"https:\/\/lucianofeijao.com.br\/lf\/baby\/projetos\/\"]}]},{\"@type\":\"ImageObject\",\"inLanguage\":\"pt-BR\",\"@id\":\"https:\/\/lucianofeijao.com.br\/lf\/baby\/projetos\/#primaryimage\",\"url\":\"https:\/\/lucianofeijao.com.br\/lf\/wp-content\/uploads\/2022\/09\/kelly.png\",\"contentUrl\":\"https:\/\/lucianofeijao.com.br\/lf\/wp-content\/uploads\/2022\/09\/kelly.png\",\"width\":225,\"height\":225},{\"@type\":\"BreadcrumbList\",\"@id\":\"https:\/\/lucianofeijao.com.br\/lf\/baby\/projetos\/#breadcrumb\",\"itemListElement\":[{\"@type\":\"ListItem\",\"position\":1,\"name\":\"In\u00edcio\",\"item\":\"https:\/\/lucianofeijao.com.br\/lf\/\"},{\"@type\":\"ListItem\",\"position\":2,\"name\":\"Baby\",\"item\":\"https:\/\/lucianofeijao.com.br\/lf\/baby\/\"},{\"@type\":\"ListItem\",\"position\":3,\"name\":\"Projetos\"}]},{\"@type\":\"WebSite\",\"@id\":\"https:\/\/lucianofeijao.com.br\/lf\/#website\",\"url\":\"https:\/\/lucianofeijao.com.br\/lf\/\",\"name\":\"Col\u00e9gio Luciano Feij\u00e3o\",\"description\":\"Tradi\u00e7\u00e3o e qualidade no melhor ensino da regi\u00e3o norte do Cear\u00e1, por mais de 50 anos desenvolvendo a forma\u00e7\u00e3o integral e autonomia do seu filho da Educa\u00e7\u00e3o Infantil ao Pr\u00e9-Universit\u00e1rio.\",\"publisher\":{\"@id\":\"https:\/\/lucianofeijao.com.br\/lf\/#organization\"},\"alternateName\":\"CLF\",\"potentialAction\":[{\"@type\":\"SearchAction\",\"target\":{\"@type\":\"EntryPoint\",\"urlTemplate\":\"https:\/\/lucianofeijao.com.br\/lf\/?s={search_term_string}\"},\"query-input\":{\"@type\":\"PropertyValueSpecification\",\"valueRequired\":true,\"valueName\":\"search_term_string\"}}],\"inLanguage\":\"pt-BR\"},{\"@type\":\"Organization\",\"@id\":\"https:\/\/lucianofeijao.com.br\/lf\/#organization\",\"name\":\"Col\u00e9gio Luciano Feij\u00e3o\",\"alternateName\":\"CLF\",\"url\":\"https:\/\/lucianofeijao.com.br\/lf\/\",\"logo\":{\"@type\":\"ImageObject\",\"inLanguage\":\"pt-BR\",\"@id\":\"https:\/\/lucianofeijao.com.br\/lf\/#\/schema\/logo\/image\/\",\"url\":\"https:\/\/lucianofeijao.com.br\/lf\/wp-content\/uploads\/2024\/07\/Logo-CLF-Azul-escuro.png\",\"contentUrl\":\"https:\/\/lucianofeijao.com.br\/lf\/wp-content\/uploads\/2024\/07\/Logo-CLF-Azul-escuro.png\",\"width\":280,\"height\":55,\"caption\":\"Col\u00e9gio Luciano Feij\u00e3o\"},\"image\":{\"@id\":\"https:\/\/lucianofeijao.com.br\/lf\/#\/schema\/logo\/image\/\"},\"sameAs\":[\"https:\/\/www.facebook.com\/ColegioLucianoFeijao\",\"https:\/\/www.instagram.com\/clfeijao\/\"]}]}<\/script>\r\n<!-- \/ Yoast SEO plugin. -->","yoast_head_json":{"title":"Projetos - Col\u00e9gio Luciano Feij\u00e3o","robots":{"index":"index","follow":"follow","max-snippet":"max-snippet:-1","max-image-preview":"max-image-preview:large","max-video-preview":"max-video-preview:-1"},"canonical":"https:\/\/lucianofeijao.com.br\/lf\/baby\/projetos\/","og_locale":"pt_BR","og_type":"article","og_title":"Projetos - Col\u00e9gio Luciano Feij\u00e3o","og_description":"Projetos Baby ERA UMA VEZ&#8230; VOU CONTAR PARA VOC\u00caS! O projeto comp\u00f5e um conjunto de possibilidades que favorecem o faz de conta e a criatividade das crian\u00e7as por meio de narrativas e pequenas encena\u00e7\u00f5es de cl\u00e1ssicos dos contos de fadas. Assim, personagens que povoaram nosso&nbsp;&hellip;","og_url":"https:\/\/lucianofeijao.com.br\/lf\/baby\/projetos\/","og_site_name":"Col\u00e9gio Luciano Feij\u00e3o","article_publisher":"https:\/\/www.facebook.com\/ColegioLucianoFeijao","article_modified_time":"2025-08-06T11:44:58+00:00","og_image":[{"url":"https:\/\/lucianofeijao.com.br\/lf\/wp-content\/uploads\/2022\/09\/kelly-150x150.png","type":"","width":"","height":""}],"twitter_card":"summary_large_image","schema":{"@context":"https:\/\/schema.org","@graph":[{"@type":"WebPage","@id":"https:\/\/lucianofeijao.com.br\/lf\/baby\/projetos\/","url":"https:\/\/lucianofeijao.com.br\/lf\/baby\/projetos\/","name":"Projetos - Col\u00e9gio Luciano Feij\u00e3o","isPartOf":{"@id":"https:\/\/lucianofeijao.com.br\/lf\/#website"},"primaryImageOfPage":{"@id":"https:\/\/lucianofeijao.com.br\/lf\/baby\/projetos\/#primaryimage"},"image":{"@id":"https:\/\/lucianofeijao.com.br\/lf\/baby\/projetos\/#primaryimage"},"thumbnailUrl":"https:\/\/lucianofeijao.com.br\/lf\/wp-content\/uploads\/2022\/09\/kelly-150x150.png","datePublished":"2022-09-15T19:55:39+00:00","dateModified":"2025-08-06T11:44:58+00:00","breadcrumb":{"@id":"https:\/\/lucianofeijao.com.br\/lf\/baby\/projetos\/#breadcrumb"},"inLanguage":"pt-BR","potentialAction":[{"@type":"ReadAction","target":["https:\/\/lucianofeijao.com.br\/lf\/baby\/projetos\/"]}]},{"@type":"ImageObject","inLanguage":"pt-BR","@id":"https:\/\/lucianofeijao.com.br\/lf\/baby\/projetos\/#primaryimage","url":"https:\/\/lucianofeijao.com.br\/lf\/wp-content\/uploads\/2022\/09\/kelly.png","contentUrl":"https:\/\/lucianofeijao.com.br\/lf\/wp-content\/uploads\/2022\/09\/kelly.png","width":225,"height":225},{"@type":"BreadcrumbList","@id":"https:\/\/lucianofeijao.com.br\/lf\/baby\/projetos\/#breadcrumb","itemListElement":[{"@type":"ListItem","position":1,"name":"In\u00edcio","item":"https:\/\/lucianofeijao.com.br\/lf\/"},{"@type":"ListItem","position":2,"name":"Baby","item":"https:\/\/lucianofeijao.com.br\/lf\/baby\/"},{"@type":"ListItem","position":3,"name":"Projetos"}]},{"@type":"WebSite","@id":"https:\/\/lucianofeijao.com.br\/lf\/#website","url":"https:\/\/lucianofeijao.com.br\/lf\/","name":"Col\u00e9gio Luciano Feij\u00e3o","description":"Tradi\u00e7\u00e3o e qualidade no melhor ensino da regi\u00e3o norte do Cear\u00e1, por mais de 50 anos desenvolvendo a forma\u00e7\u00e3o integral e autonomia do seu filho da Educa\u00e7\u00e3o Infantil ao Pr\u00e9-Universit\u00e1rio.","publisher":{"@id":"https:\/\/lucianofeijao.com.br\/lf\/#organization"},"alternateName":"CLF","potentialAction":[{"@type":"SearchAction","target":{"@type":"EntryPoint","urlTemplate":"https:\/\/lucianofeijao.com.br\/lf\/?s={search_term_string}"},"query-input":{"@type":"PropertyValueSpecification","valueRequired":true,"valueName":"search_term_string"}}],"inLanguage":"pt-BR"},{"@type":"Organization","@id":"https:\/\/lucianofeijao.com.br\/lf\/#organization","name":"Col\u00e9gio Luciano Feij\u00e3o","alternateName":"CLF","url":"https:\/\/lucianofeijao.com.br\/lf\/","logo":{"@type":"ImageObject","inLanguage":"pt-BR","@id":"https:\/\/lucianofeijao.com.br\/lf\/#\/schema\/logo\/image\/","url":"https:\/\/lucianofeijao.com.br\/lf\/wp-content\/uploads\/2024\/07\/Logo-CLF-Azul-escuro.png","contentUrl":"https:\/\/lucianofeijao.com.br\/lf\/wp-content\/uploads\/2024\/07\/Logo-CLF-Azul-escuro.png","width":280,"height":55,"caption":"Col\u00e9gio Luciano Feij\u00e3o"},"image":{"@id":"https:\/\/lucianofeijao.com.br\/lf\/#\/schema\/logo\/image\/"},"sameAs":["https:\/\/www.facebook.com\/ColegioLucianoFeijao","https:\/\/www.instagram.com\/clfeijao\/"]}]}},"_links":{"self":[{"href":"https:\/\/lucianofeijao.com.br\/lf\/wp-json\/wp\/v2\/pages\/2900","targetHints":{"allow":["GET"]}}],"collection":[{"href":"https:\/\/lucianofeijao.com.br\/lf\/wp-json\/wp\/v2\/pages"}],"about":[{"href":"https:\/\/lucianofeijao.com.br\/lf\/wp-json\/wp\/v2\/types\/page"}],"author":[{"embeddable":true,"href":"https:\/\/lucianofeijao.com.br\/lf\/wp-json\/wp\/v2\/users\/1"}],"replies":[{"embeddable":true,"href":"https:\/\/lucianofeijao.com.br\/lf\/wp-json\/wp\/v2\/comments?post=2900"}],"version-history":[{"count":77,"href":"https:\/\/lucianofeijao.com.br\/lf\/wp-json\/wp\/v2\/pages\/2900\/revisions"}],"predecessor-version":[{"id":18883,"href":"https:\/\/lucianofeijao.com.br\/lf\/wp-json\/wp\/v2\/pages\/2900\/revisions\/18883"}],"up":[{"embeddable":true,"href":"https:\/\/lucianofeijao.com.br\/lf\/wp-json\/wp\/v2\/pages\/818"}],"wp:attachment":[{"href":"https:\/\/lucianofeijao.com.br\/lf\/wp-json\/wp\/v2\/media?parent=2900"}],"curies":[{"name":"wp","href":"https:\/\/api.w.org\/{rel}","templated":true}]}}